{"id":12944,"date":"2022-10-27T11:59:53","date_gmt":"2022-10-27T11:59:53","guid":{"rendered":"https:\/\/alehlatam.org\/wp2024\/eventos\/1er-curso-de-hepatitis-virales-para-medicos-no-especialistas-y-profesionales-interesados\/"},"modified":"2022-10-27T11:59:53","modified_gmt":"2022-10-27T11:59:53","slug":"1er-curso-de-hepatitis-virales-para-medicos-no-especialistas-y-profesionales-interesados","status":"publish","type":"eventos","link":"https:\/\/alehlatam.org\/en\/eventos\/1er-curso-de-hepatitis-virales-para-medicos-no-especialistas-y-profesionales-interesados\/","title":{"rendered":"1ER CURSO DE HEPATITIS VIRALES PARA M\u00c9DICOS NO ESPECIALISTAS Y PROFESIONALES INTERESADOS"},"content":{"rendered":"<p>&nbsp;<\/p>\n<p><strong>La Asociaci\u00f3n Chilena de Hepatolog\u00eda (ACHHEP)<\/strong> invita a participar del <strong>\u00ab1ER CURSO DE HEPATITIS VIRALES PARA M\u00c9DICOS NO ESPECIALISTAS Y PROFESIONALES INTERESADOS\u00bb<\/strong>, que estar\u00e1 disponible de manera virtual entre el 1 de noviembre de 2022 al 31 de enero de 2023 (pueden realizar el curso dentro de esas fechas seg\u00fan su disponibilidad)<\/p>\n<p>\u00a1Inscripciones gratuitas!<\/p>\n<div><a href=\"https:\/\/cursoachhep.cl\/\"><img fetchpriority=\"high\" decoding=\"async\" class=\"alignleft wp-image-11283 size-full\" style=\"width: 230px !important;\" src=\"https:\/\/alehlatam.org\/wp-content\/uploads\/2022\/01\/MA\u0301S-INFORMACIO\u0301N.png\" alt=\"\" width=\"1348\" height=\"222\" \/><\/a><\/div>\n<div><a href=\"https:\/\/cursoachhep.cl\/?utm_source=BBDD%20ACHHEP&amp;utm_campaign=4a3931442a-EMAIL_CAMPAIGN_2019_04_26_05_26_COPY_01&amp;utm_medium=email&amp;utm_term=0_7e85a61c4a-4a3931442a-145651778\"><img decoding=\"async\" class=\"alignleft wp-image-10901 size-full\" style=\"width: 200px !important;\" src=\"https:\/\/alehlatam.org\/wp-content\/uploads\/2022\/03\/Recurso-4.png\" alt=\"\" width=\"1150\" height=\"222\" \/><\/a><\/div>\n<div><a href=\"https:\/\/mcusercontent.com\/b7536314e4ec96439d9f98e7e\/files\/a7c17d28-12a2-caf3-721a-0f807a335fd2\/Programa_1er_Curso_Hepatitis_Virales_ACHHEP_6Ene.pdf?utm_source=BBDD+ACHHEP&amp;utm_campaign=4a3931442a-EMAIL_CAMPAIGN_2019_04_26_05_26_COPY_01&amp;utm_medium=email&amp;utm_term=0_7e85a61c4a-4a3931442a-145651778\"><img decoding=\"async\" class=\"alignleft wp-image-10900 size-full\" style=\"width: 200px !important;\" src=\"https:\/\/alehlatam.org\/wp-content\/uploads\/2022\/03\/Recurso-5.png\" alt=\"\" width=\"1150\" height=\"222\" \/><\/a><\/div>\n<div><\/div>\n<div><\/div>\n<div><\/div>\n<div><\/div>\n<div><img loading=\"lazy\" decoding=\"async\" class=\"wp-image-11342 aligncenter\" src=\"https:\/\/alehlatam.org\/wp-content\/uploads\/2022\/10\/1f74bc62-579f-288b-7139-6f512761c4c6.png\" alt=\"\" width=\"700\" height=\"830\" \/><\/div>\n<div><\/div>\n<div><span style=\"color: #333333; font-family: arial, sans-serif;\">\u00a0<\/span><\/div><\/p>","protected":false},"featured_media":0,"menu_order":0,"template":"","tags":[],"tipo-evento":[],"class_list":["post-12944","eventos","type-eventos","status-publish","hentry"],"acf":[],"yoast_head":"<!-- This site is optimized with the Yoast SEO plugin v27.4 - https:\/\/yoast.com\/product\/yoast-seo-wordpress\/ -->\n<title>1ER CURSO DE HEPATITIS VIRALES PARA M\u00c9DICOS NO ESPECIALISTAS Y PROFESIONALES INTERESADOS - ALEH - Asociaci\u00f3n Latinoamericana para el Estudio del H\u00edgado<\/title>\n<meta name=\"robots\" content=\"index, follow, max-snippet:-1, max-image-preview:large, max-video-preview:-1\" \/>\n<link rel=\"canonical\" href=\"https:\/\/alehlatam.org\/en\/eventos\/1er-curso-de-hepatitis-virales-para-medicos-no-especialistas-y-profesionales-interesados\/\" \/>\n<meta property=\"og:locale\" content=\"en_US\" \/>\n<meta property=\"og:type\" content=\"article\" \/>\n<meta property=\"og:title\" content=\"1ER CURSO DE HEPATITIS VIRALES PARA M\u00c9DICOS NO ESPECIALISTAS Y PROFESIONALES INTERESADOS - ALEH - Asociaci\u00f3n Latinoamericana para el Estudio del H\u00edgado\" \/>\n<meta property=\"og:description\" content=\"&nbsp; La Asociaci\u00f3n Chilena de Hepatolog\u00eda (ACHHEP) invita a participar del \u00ab1ER CURSO DE HEPATITIS VIRALES PARA M\u00c9DICOS NO ESPECIALISTAS Y PROFESIONALES INTERESADOS\u00bb, que estar\u00e1 disponible de manera virtual entre el 1 de noviembre de 2022 al 31 de enero de 2023 (pueden realizar el curso dentro de esas fechas seg\u00fan su disponibilidad) \u00a1Inscripciones gratuitas! [&hellip;]\" \/>\n<meta property=\"og:url\" content=\"https:\/\/alehlatam.org\/en\/eventos\/1er-curso-de-hepatitis-virales-para-medicos-no-especialistas-y-profesionales-interesados\/\" \/>\n<meta property=\"og:site_name\" content=\"ALEH - Asociaci\u00f3n Latinoamericana para el Estudio del H\u00edgado\" \/>\n<meta property=\"og:image\" content=\"https:\/\/alehlatam.org\/wp-content\/uploads\/2022\/03\/Recurso-4.png\" \/>\n<meta name=\"twitter:card\" content=\"summary_large_image\" \/>\n<script type=\"application\/ld+json\" class=\"yoast-schema-graph\">{\"@context\":\"https:\\\/\\\/schema.org\",\"@graph\":[{\"@type\":\"WebPage\",\"@id\":\"https:\\\/\\\/alehlatam.org\\\/eventos\\\/1er-curso-de-hepatitis-virales-para-medicos-no-especialistas-y-profesionales-interesados\\\/\",\"url\":\"https:\\\/\\\/alehlatam.org\\\/eventos\\\/1er-curso-de-hepatitis-virales-para-medicos-no-especialistas-y-profesionales-interesados\\\/\",\"name\":\"1ER CURSO DE HEPATITIS VIRALES PARA M\u00c9DICOS NO ESPECIALISTAS Y PROFESIONALES INTERESADOS - ALEH - Asociaci\u00f3n Latinoamericana para el Estudio del H\u00edgado\",\"isPartOf\":{\"@id\":\"https:\\\/\\\/alehlatam.org\\\/#website\"},\"primaryImageOfPage\":{\"@id\":\"https:\\\/\\\/alehlatam.org\\\/eventos\\\/1er-curso-de-hepatitis-virales-para-medicos-no-especialistas-y-profesionales-interesados\\\/#primaryimage\"},\"image\":{\"@id\":\"https:\\\/\\\/alehlatam.org\\\/eventos\\\/1er-curso-de-hepatitis-virales-para-medicos-no-especialistas-y-profesionales-interesados\\\/#primaryimage\"},\"thumbnailUrl\":\"https:\\\/\\\/alehlatam.org\\\/wp-content\\\/uploads\\\/2022\\\/03\\\/Recurso-4.png\",\"datePublished\":\"2022-10-27T11:59:53+00:00\",\"breadcrumb\":{\"@id\":\"https:\\\/\\\/alehlatam.org\\\/eventos\\\/1er-curso-de-hepatitis-virales-para-medicos-no-especialistas-y-profesionales-interesados\\\/#breadcrumb\"},\"inLanguage\":\"en-US\",\"potentialAction\":[{\"@type\":\"ReadAction\",\"target\":[\"https:\\\/\\\/alehlatam.org\\\/eventos\\\/1er-curso-de-hepatitis-virales-para-medicos-no-especialistas-y-profesionales-interesados\\\/\"]}]},{\"@type\":\"ImageObject\",\"inLanguage\":\"en-US\",\"@id\":\"https:\\\/\\\/alehlatam.org\\\/eventos\\\/1er-curso-de-hepatitis-virales-para-medicos-no-especialistas-y-profesionales-interesados\\\/#primaryimage\",\"url\":\"https:\\\/\\\/alehlatam.org\\\/wp-content\\\/uploads\\\/2022\\\/03\\\/Recurso-4.png\",\"contentUrl\":\"https:\\\/\\\/alehlatam.org\\\/wp-content\\\/uploads\\\/2022\\\/03\\\/Recurso-4.png\"},{\"@type\":\"BreadcrumbList\",\"@id\":\"https:\\\/\\\/alehlatam.org\\\/eventos\\\/1er-curso-de-hepatitis-virales-para-medicos-no-especialistas-y-profesionales-interesados\\\/#breadcrumb\",\"itemListElement\":[{\"@type\":\"ListItem\",\"position\":1,\"name\":\"Inicio\",\"item\":\"https:\\\/\\\/alehlatam.org\\\/\"},{\"@type\":\"ListItem\",\"position\":2,\"name\":\"Eventos\",\"item\":\"https:\\\/\\\/alehlatam.org\\\/eventos-pasados\\\/\"},{\"@type\":\"ListItem\",\"position\":3,\"name\":\"1ER CURSO DE HEPATITIS VIRALES PARA M\u00c9DICOS NO ESPECIALISTAS Y PROFESIONALES INTERESADOS\"}]},{\"@type\":\"WebSite\",\"@id\":\"https:\\\/\\\/alehlatam.org\\\/#website\",\"url\":\"https:\\\/\\\/alehlatam.org\\\/\",\"name\":\"ALEH - Asociaci\u00f3n Latinoamericana para el Estudio del H\u00edgado\",\"description\":\"Conectamos a la comunidad de hepatolog\u00eda en Latinoam\u00e9rica. ALEH impulsa la investigaci\u00f3n y el intercambio cient\u00edfico para mejorar la salud hep\u00e1tica regional.\",\"publisher\":{\"@id\":\"https:\\\/\\\/alehlatam.org\\\/#organization\"},\"alternateName\":\"ALEH\",\"potentialAction\":[{\"@type\":\"SearchAction\",\"target\":{\"@type\":\"EntryPoint\",\"urlTemplate\":\"https:\\\/\\\/alehlatam.org\\\/?s={search_term_string}\"},\"query-input\":{\"@type\":\"PropertyValueSpecification\",\"valueRequired\":true,\"valueName\":\"search_term_string\"}}],\"inLanguage\":\"en-US\"},{\"@type\":\"Organization\",\"@id\":\"https:\\\/\\\/alehlatam.org\\\/#organization\",\"name\":\"Asociaci\u00f3n Latinoamericana para el Estudio del H\u00edgado\",\"alternateName\":\"ALEH\",\"url\":\"https:\\\/\\\/alehlatam.org\\\/\",\"logo\":{\"@type\":\"ImageObject\",\"inLanguage\":\"en-US\",\"@id\":\"https:\\\/\\\/alehlatam.org\\\/#\\\/schema\\\/logo\\\/image\\\/\",\"url\":\"https:\\\/\\\/alehlatam.org\\\/wp-content\\\/uploads\\\/2024\\\/01\\\/Logo-ALEH-Transparente.png\",\"contentUrl\":\"https:\\\/\\\/alehlatam.org\\\/wp-content\\\/uploads\\\/2024\\\/01\\\/Logo-ALEH-Transparente.png\",\"width\":2000,\"height\":1493,\"caption\":\"Asociaci\u00f3n Latinoamericana para el Estudio del H\u00edgado\"},\"image\":{\"@id\":\"https:\\\/\\\/alehlatam.org\\\/#\\\/schema\\\/logo\\\/image\\\/\"}}]}<\/script>\n<!-- \/ Yoast SEO plugin. -->","yoast_head_json":{"title":"1ER CURSO DE HEPATITIS VIRALES PARA M\u00c9DICOS NO ESPECIALISTAS Y PROFESIONALES INTERESADOS - ALEH - Asociaci\u00f3n Latinoamericana para el Estudio del H\u00edgado","robots":{"index":"index","follow":"follow","max-snippet":"max-snippet:-1","max-image-preview":"max-image-preview:large","max-video-preview":"max-video-preview:-1"},"canonical":"https:\/\/alehlatam.org\/en\/eventos\/1er-curso-de-hepatitis-virales-para-medicos-no-especialistas-y-profesionales-interesados\/","og_locale":"en_US","og_type":"article","og_title":"1ER CURSO DE HEPATITIS VIRALES PARA M\u00c9DICOS NO ESPECIALISTAS Y PROFESIONALES INTERESADOS - ALEH - Asociaci\u00f3n Latinoamericana para el Estudio del H\u00edgado","og_description":"&nbsp; La Asociaci\u00f3n Chilena de Hepatolog\u00eda (ACHHEP) invita a participar del \u00ab1ER CURSO DE HEPATITIS VIRALES PARA M\u00c9DICOS NO ESPECIALISTAS Y PROFESIONALES INTERESADOS\u00bb, que estar\u00e1 disponible de manera virtual entre el 1 de noviembre de 2022 al 31 de enero de 2023 (pueden realizar el curso dentro de esas fechas seg\u00fan su disponibilidad) \u00a1Inscripciones gratuitas! [&hellip;]","og_url":"https:\/\/alehlatam.org\/en\/eventos\/1er-curso-de-hepatitis-virales-para-medicos-no-especialistas-y-profesionales-interesados\/","og_site_name":"ALEH - Asociaci\u00f3n Latinoamericana para el Estudio del H\u00edgado","og_image":[{"url":"https:\/\/alehlatam.org\/wp-content\/uploads\/2022\/03\/Recurso-4.png","type":"","width":"","height":""}],"twitter_card":"summary_large_image","schema":{"@context":"https:\/\/schema.org","@graph":[{"@type":"WebPage","@id":"https:\/\/alehlatam.org\/eventos\/1er-curso-de-hepatitis-virales-para-medicos-no-especialistas-y-profesionales-interesados\/","url":"https:\/\/alehlatam.org\/eventos\/1er-curso-de-hepatitis-virales-para-medicos-no-especialistas-y-profesionales-interesados\/","name":"1ER CURSO DE HEPATITIS VIRALES PARA M\u00c9DICOS NO ESPECIALISTAS Y PROFESIONALES INTERESADOS - ALEH - Asociaci\u00f3n Latinoamericana para el Estudio del H\u00edgado","isPartOf":{"@id":"https:\/\/alehlatam.org\/#website"},"primaryImageOfPage":{"@id":"https:\/\/alehlatam.org\/eventos\/1er-curso-de-hepatitis-virales-para-medicos-no-especialistas-y-profesionales-interesados\/#primaryimage"},"image":{"@id":"https:\/\/alehlatam.org\/eventos\/1er-curso-de-hepatitis-virales-para-medicos-no-especialistas-y-profesionales-interesados\/#primaryimage"},"thumbnailUrl":"https:\/\/alehlatam.org\/wp-content\/uploads\/2022\/03\/Recurso-4.png","datePublished":"2022-10-27T11:59:53+00:00","breadcrumb":{"@id":"https:\/\/alehlatam.org\/eventos\/1er-curso-de-hepatitis-virales-para-medicos-no-especialistas-y-profesionales-interesados\/#breadcrumb"},"inLanguage":"en-US","potentialAction":[{"@type":"ReadAction","target":["https:\/\/alehlatam.org\/eventos\/1er-curso-de-hepatitis-virales-para-medicos-no-especialistas-y-profesionales-interesados\/"]}]},{"@type":"ImageObject","inLanguage":"en-US","@id":"https:\/\/alehlatam.org\/eventos\/1er-curso-de-hepatitis-virales-para-medicos-no-especialistas-y-profesionales-interesados\/#primaryimage","url":"https:\/\/alehlatam.org\/wp-content\/uploads\/2022\/03\/Recurso-4.png","contentUrl":"https:\/\/alehlatam.org\/wp-content\/uploads\/2022\/03\/Recurso-4.png"},{"@type":"BreadcrumbList","@id":"https:\/\/alehlatam.org\/eventos\/1er-curso-de-hepatitis-virales-para-medicos-no-especialistas-y-profesionales-interesados\/#breadcrumb","itemListElement":[{"@type":"ListItem","position":1,"name":"Inicio","item":"https:\/\/alehlatam.org\/"},{"@type":"ListItem","position":2,"name":"Eventos","item":"https:\/\/alehlatam.org\/eventos-pasados\/"},{"@type":"ListItem","position":3,"name":"1ER CURSO DE HEPATITIS VIRALES PARA M\u00c9DICOS NO ESPECIALISTAS Y PROFESIONALES INTERESADOS"}]},{"@type":"WebSite","@id":"https:\/\/alehlatam.org\/#website","url":"https:\/\/alehlatam.org\/","name":"ALEH - Asociaci\u00f3n Latinoamericana para el Estudio del H\u00edgado","description":"Conectamos a la comunidad de hepatolog\u00eda en Latinoam\u00e9rica. ALEH impulsa la investigaci\u00f3n y el intercambio cient\u00edfico para mejorar la salud hep\u00e1tica regional.","publisher":{"@id":"https:\/\/alehlatam.org\/#organization"},"alternateName":"ALEH","potentialAction":[{"@type":"SearchAction","target":{"@type":"EntryPoint","urlTemplate":"https:\/\/alehlatam.org\/?s={search_term_string}"},"query-input":{"@type":"PropertyValueSpecification","valueRequired":true,"valueName":"search_term_string"}}],"inLanguage":"en-US"},{"@type":"Organization","@id":"https:\/\/alehlatam.org\/#organization","name":"Asociaci\u00f3n Latinoamericana para el Estudio del H\u00edgado","alternateName":"ALEH","url":"https:\/\/alehlatam.org\/","logo":{"@type":"ImageObject","inLanguage":"en-US","@id":"https:\/\/alehlatam.org\/#\/schema\/logo\/image\/","url":"https:\/\/alehlatam.org\/wp-content\/uploads\/2024\/01\/Logo-ALEH-Transparente.png","contentUrl":"https:\/\/alehlatam.org\/wp-content\/uploads\/2024\/01\/Logo-ALEH-Transparente.png","width":2000,"height":1493,"caption":"Asociaci\u00f3n Latinoamericana para el Estudio del H\u00edgado"},"image":{"@id":"https:\/\/alehlatam.org\/#\/schema\/logo\/image\/"}}]}},"_links":{"self":[{"href":"https:\/\/alehlatam.org\/en\/wp-json\/wp\/v2\/eventos\/12944","targetHints":{"allow":["GET"]}}],"collection":[{"href":"https:\/\/alehlatam.org\/en\/wp-json\/wp\/v2\/eventos"}],"about":[{"href":"https:\/\/alehlatam.org\/en\/wp-json\/wp\/v2\/types\/eventos"}],"version-history":[{"count":0,"href":"https:\/\/alehlatam.org\/en\/wp-json\/wp\/v2\/eventos\/12944\/revisions"}],"wp:attachment":[{"href":"https:\/\/alehlatam.org\/en\/wp-json\/wp\/v2\/media?parent=12944"}],"wp:term":[{"taxonomy":"post_tag","embeddable":true,"href":"https:\/\/alehlatam.org\/en\/wp-json\/wp\/v2\/tags?post=12944"},{"taxonomy":"tipo-evento","embeddable":true,"href":"https:\/\/alehlatam.org\/en\/wp-json\/wp\/v2\/tipo-evento?post=12944"}],"curies":[{"name":"wp","href":"https:\/\/api.w.org\/{rel}","templated":true}]}}