{"id":11951,"date":"2024-02-06T15:53:04","date_gmt":"2024-02-06T15:53:04","guid":{"rendered":"https:\/\/alehlatam.org\/wp2024\/?page_id=11951"},"modified":"2024-12-06T12:06:31","modified_gmt":"2024-12-06T15:06:31","slug":"fundacion-aleh","status":"publish","type":"page","link":"https:\/\/alehlatam.org\/pt\/nosotros\/fundacion-aleh\/","title":{"rendered":"Funda\u00e7\u00e3o ALEH"},"content":{"rendered":"<div data-elementor-type=\"wp-page\" data-elementor-id=\"11951\" class=\"elementor elementor-11951\" data-elementor-post-type=\"page\">\n\t\t\t\t<article class=\"elementor-element elementor-element-cab235a e-con-full e-flex e-con e-child\" data-id=\"cab235a\" data-element_type=\"container\" data-e-type=\"container\">\n\t\t\t\t<div class=\"elementor-element elementor-element-09de554 dce_masking-none elementor-widget elementor-widget-image\" data-id=\"09de554\" data-element_type=\"widget\" data-e-type=\"widget\" data-widget_type=\"image.default\">\n\t\t\t\t<div class=\"elementor-widget-container\">\n\t\t\t\t\t\t\t\t\t\t\t\t\t\t\t<img fetchpriority=\"high\" decoding=\"async\" width=\"800\" height=\"302\" src=\"https:\/\/alehlatam.org\/wp-content\/uploads\/2024\/02\/Logo-fundacion-ALEH-1024x386.png\" class=\"attachment-large size-large wp-image-11954\" alt=\"Logo Fundaci\u00f3n ALEH\" srcset=\"https:\/\/alehlatam.org\/wp-content\/uploads\/2024\/02\/Logo-fundacion-ALEH-1024x386.png 1024w, https:\/\/alehlatam.org\/wp-content\/uploads\/2024\/02\/Logo-fundacion-ALEH-300x113.png 300w, https:\/\/alehlatam.org\/wp-content\/uploads\/2024\/02\/Logo-fundacion-ALEH-768x289.png 768w, https:\/\/alehlatam.org\/wp-content\/uploads\/2024\/02\/Logo-fundacion-ALEH-1536x578.png 1536w, https:\/\/alehlatam.org\/wp-content\/uploads\/2024\/02\/Logo-fundacion-ALEH-2048x771.png 2048w\" sizes=\"(max-width: 800px) 100vw, 800px\" \/>\t\t\t\t\t\t\t\t\t\t\t\t\t\t\t<\/div>\n\t\t\t\t<\/div>\n\t\t\t\t<div class=\"elementor-element elementor-element-249901c elementor-widget elementor-widget-text-editor\" data-id=\"249901c\" data-element_type=\"widget\" data-e-type=\"widget\" data-widget_type=\"text-editor.default\">\n\t\t\t\t<div class=\"elementor-widget-container\">\n\t\t\t\t\t\t\t\t\t<p>A Funda\u00e7\u00e3o Latino-Americana para o Estudo do F\u00edgado \u00e9 a funda\u00e7\u00e3o oficial da Associa\u00e7\u00e3o Latino-Americana para o Estudo do F\u00edgado (ALEH). \u00c9 uma organiza\u00e7\u00e3o sem fins lucrativos criada em julho de 2015 para promover e disseminar a hepatologia na Am\u00e9rica Latina e no mundo para melhorar a qualidade de vida e a sa\u00fade das pessoas com doen\u00e7a hep\u00e1tica.<\/p><p>A Funda\u00e7\u00e3o ALEH \u00e9 uma organiza\u00e7\u00e3o beneficente que investe em pesquisas inovadoras em hepatologia e nas pessoas que estudam e tratam doen\u00e7as hep\u00e1ticas.<\/p>\t\t\t\t\t\t\t\t<\/div>\n\t\t\t\t<\/div>\n\t\t<section class=\"elementor-element elementor-element-2737fc8 e-con-full e-flex e-con e-child\" data-id=\"2737fc8\" data-element_type=\"container\" data-e-type=\"container\">\n\t\t\t\t<div class=\"elementor-element elementor-element-44b64ad elementor-widget elementor-widget-heading\" data-id=\"44b64ad\" data-element_type=\"widget\" data-e-type=\"widget\" data-widget_type=\"heading.default\">\n\t\t\t\t<div class=\"elementor-widget-container\">\n\t\t\t\t\t<h2 class=\"elementor-heading-title elementor-size-default\">Objetivos<\/h2>\t\t\t\t<\/div>\n\t\t\t\t<\/div>\n\t\t<div class=\"elementor-element elementor-element-4cb1925 e-con-full e-flex e-con e-child\" data-id=\"4cb1925\" data-element_type=\"container\" data-e-type=\"container\">\n\t\t\t\t<div class=\"elementor-element elementor-element-eb5a3b0 elementor-widget__width-initial elementor-widget elementor-widget-heading\" data-id=\"eb5a3b0\" data-element_type=\"widget\" data-e-type=\"widget\" data-widget_type=\"heading.default\">\n\t\t\t\t<div class=\"elementor-widget-container\">\n\t\t\t\t\t<div class=\"elementor-heading-title elementor-size-default\">1<\/div>\t\t\t\t<\/div>\n\t\t\t\t<\/div>\n\t\t\t\t<div class=\"elementor-element elementor-element-d3cb7cc elementor-widget__width-initial elementor-widget-mobile__width-inherit elementor-widget elementor-widget-text-editor\" data-id=\"d3cb7cc\" data-element_type=\"widget\" data-e-type=\"widget\" data-widget_type=\"text-editor.default\">\n\t\t\t\t<div class=\"elementor-widget-container\">\n\t\t\t\t\t\t\t\t\t<p><strong>Promover<\/strong>\u00a0a pesquisa, o conhecimento, o tratamento e a reabilita\u00e7\u00e3o de pacientes com doen\u00e7a hep\u00e1tica.<\/p>\t\t\t\t\t\t\t\t<\/div>\n\t\t\t\t<\/div>\n\t\t\t\t<\/div>\n\t\t<div class=\"elementor-element elementor-element-b3f8e0d e-con-full e-flex e-con e-child\" data-id=\"b3f8e0d\" data-element_type=\"container\" data-e-type=\"container\">\n\t\t\t\t<div class=\"elementor-element elementor-element-e71b3d0 elementor-widget__width-initial elementor-widget elementor-widget-heading\" data-id=\"e71b3d0\" data-element_type=\"widget\" data-e-type=\"widget\" data-widget_type=\"heading.default\">\n\t\t\t\t<div class=\"elementor-widget-container\">\n\t\t\t\t\t<div class=\"elementor-heading-title elementor-size-default\">2<\/div>\t\t\t\t<\/div>\n\t\t\t\t<\/div>\n\t\t\t\t<div class=\"elementor-element elementor-element-fbb0475 elementor-widget__width-initial elementor-widget-mobile__width-inherit elementor-widget elementor-widget-text-editor\" data-id=\"fbb0475\" data-element_type=\"widget\" data-e-type=\"widget\" data-widget_type=\"text-editor.default\">\n\t\t\t\t<div class=\"elementor-widget-container\">\n\t\t\t\t\t\t\t\t\t<p><strong>Conectar<\/strong> todos os profissionais da medicina e de outros campos da ci\u00eancia e da sa\u00fade de qualquer pa\u00eds da Am\u00e9rica Central, da Am\u00e9rica do Sul, do Caribe e dos Estados Unidos Mexicanos em rela\u00e7\u00e3o ao f\u00edgado e suas doen\u00e7as.<\/p>\t\t\t\t\t\t\t\t<\/div>\n\t\t\t\t<\/div>\n\t\t\t\t<\/div>\n\t\t<div class=\"elementor-element elementor-element-f6a993d e-con-full e-flex e-con e-child\" data-id=\"f6a993d\" data-element_type=\"container\" data-e-type=\"container\">\n\t\t\t\t<div class=\"elementor-element elementor-element-c434399 elementor-widget__width-initial elementor-widget elementor-widget-heading\" data-id=\"c434399\" data-element_type=\"widget\" data-e-type=\"widget\" data-widget_type=\"heading.default\">\n\t\t\t\t<div class=\"elementor-widget-container\">\n\t\t\t\t\t<div class=\"elementor-heading-title elementor-size-default\">3<\/div>\t\t\t\t<\/div>\n\t\t\t\t<\/div>\n\t\t\t\t<div class=\"elementor-element elementor-element-2523f62 elementor-widget__width-initial elementor-widget-mobile__width-inherit elementor-widget elementor-widget-text-editor\" data-id=\"2523f62\" data-element_type=\"widget\" data-e-type=\"widget\" data-widget_type=\"text-editor.default\">\n\t\t\t\t<div class=\"elementor-widget-container\">\n\t\t\t\t\t\t\t\t\t<p><strong>Estimular<\/strong> o desenvolvimento da pesquisa e do ensino no campo da hepatologia e \u00e1reas afins.<\/p>\t\t\t\t\t\t\t\t<\/div>\n\t\t\t\t<\/div>\n\t\t\t\t<\/div>\n\t\t<div class=\"elementor-element elementor-element-b599a0a e-con-full e-flex e-con e-child\" data-id=\"b599a0a\" data-element_type=\"container\" data-e-type=\"container\">\n\t\t\t\t<div class=\"elementor-element elementor-element-6036cde elementor-widget__width-initial elementor-widget elementor-widget-heading\" data-id=\"6036cde\" data-element_type=\"widget\" data-e-type=\"widget\" data-widget_type=\"heading.default\">\n\t\t\t\t<div class=\"elementor-widget-container\">\n\t\t\t\t\t<div class=\"elementor-heading-title elementor-size-default\">4<\/div>\t\t\t\t<\/div>\n\t\t\t\t<\/div>\n\t\t\t\t<div class=\"elementor-element elementor-element-79d8735 elementor-widget__width-initial elementor-widget-mobile__width-inherit elementor-widget elementor-widget-text-editor\" data-id=\"79d8735\" data-element_type=\"widget\" data-e-type=\"widget\" data-widget_type=\"text-editor.default\">\n\t\t\t\t<div class=\"elementor-widget-container\">\n\t\t\t\t\t\t\t\t\t<p><strong>Contribuir<\/strong>\u00a0para a preven\u00e7\u00e3o, o diagn\u00f3stico e o tratamento de doen\u00e7as hep\u00e1ticas.<\/p>\t\t\t\t\t\t\t\t<\/div>\n\t\t\t\t<\/div>\n\t\t\t\t<\/div>\n\t\t\t\t<\/section>\n\t\t<section class=\"elementor-element elementor-element-5819f1b e-con-full e-flex e-con e-child\" data-id=\"5819f1b\" data-element_type=\"container\" data-e-type=\"container\">\n\t\t\t\t<div class=\"elementor-element elementor-element-fb398fc elementor-widget elementor-widget-heading\" data-id=\"fb398fc\" data-element_type=\"widget\" data-e-type=\"widget\" data-widget_type=\"heading.default\">\n\t\t\t\t<div class=\"elementor-widget-container\">\n\t\t\t\t\t<h3 class=\"elementor-heading-title elementor-size-default\">Diret\u00f3rio<\/h3>\t\t\t\t<\/div>\n\t\t\t\t<\/div>\n\t\t<article class=\"elementor-element elementor-element-735f5da e-con-full e-flex e-con e-child\" data-id=\"735f5da\" data-element_type=\"container\" data-e-type=\"container\">\n\t\t\t\t<div class=\"elementor-element elementor-element-6cac868 dce_masking-none elementor-widget elementor-widget-image\" data-id=\"6cac868\" data-element_type=\"widget\" data-e-type=\"widget\" data-widget_type=\"image.default\">\n\t\t\t\t<div class=\"elementor-widget-container\">\n\t\t\t\t\t\t\t\t\t\t\t\t\t\t\t<img decoding=\"async\" width=\"800\" height=\"862\" src=\"https:\/\/alehlatam.org\/wp-content\/uploads\/2024\/01\/marcelo-silva-950x1024.jpg\" class=\"attachment-large size-large wp-image-11711\" alt=\"Dr. Marcelo Silva\" srcset=\"https:\/\/alehlatam.org\/wp-content\/uploads\/2024\/01\/marcelo-silva-950x1024.jpg 950w, https:\/\/alehlatam.org\/wp-content\/uploads\/2024\/01\/marcelo-silva-278x300.jpg 278w, https:\/\/alehlatam.org\/wp-content\/uploads\/2024\/01\/marcelo-silva-768x827.jpg 768w, https:\/\/alehlatam.org\/wp-content\/uploads\/2024\/01\/marcelo-silva.jpg 1008w\" sizes=\"(max-width: 800px) 100vw, 800px\" \/>\t\t\t\t\t\t\t\t\t\t\t\t\t\t\t<\/div>\n\t\t\t\t<\/div>\n\t\t<div class=\"elementor-element elementor-element-1570ba1 e-flex e-con-boxed e-con e-child\" data-id=\"1570ba1\" data-element_type=\"container\" data-e-type=\"container\">\n\t\t\t\t\t<div class=\"e-con-inner\">\n\t\t\t\t<div class=\"elementor-element elementor-element-2f439aa elementor-widget elementor-widget-heading\" data-id=\"2f439aa\" data-element_type=\"widget\" data-e-type=\"widget\" data-widget_type=\"heading.default\">\n\t\t\t\t<div class=\"elementor-widget-container\">\n\t\t\t\t\t<h3 class=\"elementor-heading-title elementor-size-default\">Dr. Marcelo Silva<\/h3>\t\t\t\t<\/div>\n\t\t\t\t<\/div>\n\t\t\t\t<div class=\"elementor-element elementor-element-090e106 elementor-widget elementor-widget-heading\" data-id=\"090e106\" data-element_type=\"widget\" data-e-type=\"widget\" data-widget_type=\"heading.default\">\n\t\t\t\t<div class=\"elementor-widget-container\">\n\t\t\t\t\t<div class=\"elementor-heading-title elementor-size-default\">Presidente<\/div>\t\t\t\t<\/div>\n\t\t\t\t<\/div>\n\t\t\t\t<div class=\"elementor-element elementor-element-a6d2970 elementor-widget-divider--view-line elementor-widget elementor-widget-divider\" data-id=\"a6d2970\" data-element_type=\"widget\" data-e-type=\"widget\" data-widget_type=\"divider.default\">\n\t\t\t\t<div class=\"elementor-widget-container\">\n\t\t\t\t\t\t\t<div class=\"elementor-divider\">\n\t\t\t<span class=\"elementor-divider-separator\">\n\t\t\t\t\t\t<\/span>\n\t\t<\/div>\n\t\t\t\t\t\t<\/div>\n\t\t\t\t<\/div>\n\t\t\t\t<div class=\"elementor-element elementor-element-0de9c94 elementor-widget elementor-widget-text-editor\" data-id=\"0de9c94\" data-element_type=\"widget\" data-e-type=\"widget\" data-widget_type=\"text-editor.default\">\n\t\t\t\t<div class=\"elementor-widget-container\">\n\t\t\t\t\t\t\t\t\t<p class=\"texto-cortado translation-block\">\u00c9 m\u00e9dico formado com louvor pela <a href=\"https:\/\/www.fmed.uba.ar\/\" target=\"_blank\">Faculdade de Medicina da Universidade de Buenos Aires<\/a>. Fez sua resid\u00eancia em medicina interna no Hospital de Cl\u00ednicas Jos\u00e9 de San Mart\u00edn, e uma bolsa de estudos em Gastroenterologia no Hospital de Cl\u00ednicas Jos\u00e9 de San Mart\u00edn, e tamb\u00e9m uma bolsa de estudos em hepatologia no Centro de Doen\u00e7as do F\u00edgado da Faculdade de Medicina da <a href=\"https:\/\/welcome.miami.edu\/\" target=\"_blank\">Universidade de Miami<\/a>, nos Estados Unidos, onde foi nomeado Professor Associado de Medicina no Centro de Doen\u00e7as do F\u00edgado da Universidade de Miami. Membro do Conselho da Unidade de Pesquisa Cl\u00ednica da Faculdade de Ci\u00eancias Biom\u00e9dicas da <a href=\"https:\/\/www.austral.edu.ar\/\" target=\"_blank\">Universidade Austral em Buenos Aires<\/a> (Argentina). Ampla experi\u00eancia em ensaios cl\u00ednicos no campo da hepatite cr\u00f4nica B e C, publicada em 8 livros e cap\u00edtulos de livros, mais de 20 artigos em revistas m\u00e9dicas revisadas por pares e mais de 60 resumos e apresenta\u00e7\u00f5es em reuni\u00f5es cient\u00edficas. Ex-presidente da Associa\u00e7\u00e3o Argentina para o Estudo de Doen\u00e7as Hep\u00e1ticas e ex-presidente da ALEH.<\/p>\t\t\t\t\t\t\t\t<\/div>\n\t\t\t\t<\/div>\n\t\t\t\t\t<\/div>\n\t\t\t\t<\/div>\n\t\t\t\t<\/article>\n\t\t<div class=\"elementor-element elementor-element-22dd131 e-con-full e-flex e-con e-child\" data-id=\"22dd131\" data-element_type=\"container\" data-e-type=\"container\">\n\t\t\t\t<div class=\"elementor-element elementor-element-c40ddfd dce_masking-none elementor-widget elementor-widget-image\" data-id=\"c40ddfd\" data-element_type=\"widget\" data-e-type=\"widget\" data-widget_type=\"image.default\">\n\t\t\t\t<div class=\"elementor-widget-container\">\n\t\t\t\t\t\t\t\t\t\t\t\t\t\t\t<img decoding=\"async\" width=\"800\" height=\"863\" src=\"https:\/\/alehlatam.org\/wp-content\/uploads\/2024\/01\/Fernando-Contreras-949x1024.jpg\" class=\"attachment-large size-large wp-image-11709\" alt=\"Dr. Fernando Contreras\" srcset=\"https:\/\/alehlatam.org\/wp-content\/uploads\/2024\/01\/Fernando-Contreras-949x1024.jpg 949w, https:\/\/alehlatam.org\/wp-content\/uploads\/2024\/01\/Fernando-Contreras-278x300.jpg 278w, https:\/\/alehlatam.org\/wp-content\/uploads\/2024\/01\/Fernando-Contreras-768x829.jpg 768w, https:\/\/alehlatam.org\/wp-content\/uploads\/2024\/01\/Fernando-Contreras.jpg 1000w\" sizes=\"(max-width: 800px) 100vw, 800px\" \/>\t\t\t\t\t\t\t\t\t\t\t\t\t\t\t<\/div>\n\t\t\t\t<\/div>\n\t\t<div class=\"elementor-element elementor-element-2422698 e-flex e-con-boxed e-con e-child\" data-id=\"2422698\" data-element_type=\"container\" data-e-type=\"container\">\n\t\t\t\t\t<div class=\"e-con-inner\">\n\t\t\t\t<div class=\"elementor-element elementor-element-f4485c2 elementor-widget elementor-widget-heading\" data-id=\"f4485c2\" data-element_type=\"widget\" data-e-type=\"widget\" data-widget_type=\"heading.default\">\n\t\t\t\t<div class=\"elementor-widget-container\">\n\t\t\t\t\t<h3 class=\"elementor-heading-title elementor-size-default\">Dr. Fernando Contreras<\/h3>\t\t\t\t<\/div>\n\t\t\t\t<\/div>\n\t\t\t\t<div class=\"elementor-element elementor-element-5cfc331 elementor-widget elementor-widget-heading\" data-id=\"5cfc331\" data-element_type=\"widget\" data-e-type=\"widget\" data-widget_type=\"heading.default\">\n\t\t\t\t<div class=\"elementor-widget-container\">\n\t\t\t\t\t<div class=\"elementor-heading-title elementor-size-default\">Vice Presidente<\/div>\t\t\t\t<\/div>\n\t\t\t\t<\/div>\n\t\t\t\t<div class=\"elementor-element elementor-element-d3a9d6f elementor-widget-divider--view-line elementor-widget elementor-widget-divider\" data-id=\"d3a9d6f\" data-element_type=\"widget\" data-e-type=\"widget\" data-widget_type=\"divider.default\">\n\t\t\t\t<div class=\"elementor-widget-container\">\n\t\t\t\t\t\t\t<div class=\"elementor-divider\">\n\t\t\t<span class=\"elementor-divider-separator\">\n\t\t\t\t\t\t<\/span>\n\t\t<\/div>\n\t\t\t\t\t\t<\/div>\n\t\t\t\t<\/div>\n\t\t\t\t<div class=\"elementor-element elementor-element-664947d elementor-widget elementor-widget-text-editor\" data-id=\"664947d\" data-element_type=\"widget\" data-e-type=\"widget\" data-widget_type=\"text-editor.default\">\n\t\t\t\t<div class=\"elementor-widget-container\">\n\t\t\t\t\t\t\t\t\t<p class=\" translation-block\">Graduado <i>Magna Cum Laude<\/i> pela <a href=\"https:\/\/medicina.unphu.edu.do\/\" target=\"_self\">Faculdade de Medicina da UNPHU<\/a>, concluiu sua resid\u00eancia em Medicina Interna no Graduate Hospital of the <a href=\"https:\/\/www.upenn.edu\/\" target=\"_self\">University of Pennsylvania<\/a>, Filad\u00e9lfia, EUA, onde posteriormente concluiu uma bolsa de estudos em Gastroenterologia e Endoscopia Terap\u00eautica. Diretor da Unidade de Endoscopia da <a href=\"https:\/\/www.clinicaabreu.com.do\/\">Cl\u00ednica Abreu<\/a>. Ele \u00e9 membro ativo e ex-presidente da <a href=\"http:\/\/www.sodogastro.com\/\" target=\"_blank\">Sociedade Dominicana de Gastroenterologia<\/a>, da <i>Bockus International Society of Gastroenterology<\/i> e da ALEH.<\/p>\t\t\t\t\t\t\t\t<\/div>\n\t\t\t\t<\/div>\n\t\t\t\t\t<\/div>\n\t\t\t\t<\/div>\n\t\t\t\t<\/div>\n\t\t<div class=\"elementor-element elementor-element-847ad86 e-con-full e-flex e-con e-child\" data-id=\"847ad86\" data-element_type=\"container\" data-e-type=\"container\">\n\t\t\t\t<div class=\"elementor-element elementor-element-1a9b61f dce_masking-none elementor-widget elementor-widget-image\" data-id=\"1a9b61f\" data-element_type=\"widget\" data-e-type=\"widget\" data-widget_type=\"image.default\">\n\t\t\t\t<div class=\"elementor-widget-container\">\n\t\t\t\t\t\t\t\t\t\t\t\t\t\t\t<img loading=\"lazy\" decoding=\"async\" width=\"800\" height=\"862\" src=\"https:\/\/alehlatam.org\/wp-content\/uploads\/2024\/01\/DR.-JAVIER-BRAHM-950x1024.jpg\" class=\"attachment-large size-large wp-image-11713\" alt=\"Dr. Javier Brahm\" srcset=\"https:\/\/alehlatam.org\/wp-content\/uploads\/2024\/01\/DR.-JAVIER-BRAHM-950x1024.jpg 950w, https:\/\/alehlatam.org\/wp-content\/uploads\/2024\/01\/DR.-JAVIER-BRAHM-278x300.jpg 278w, https:\/\/alehlatam.org\/wp-content\/uploads\/2024\/01\/DR.-JAVIER-BRAHM-768x827.jpg 768w, https:\/\/alehlatam.org\/wp-content\/uploads\/2024\/01\/DR.-JAVIER-BRAHM.jpg 1008w\" sizes=\"(max-width: 800px) 100vw, 800px\" \/>\t\t\t\t\t\t\t\t\t\t\t\t\t\t\t<\/div>\n\t\t\t\t<\/div>\n\t\t<div class=\"elementor-element elementor-element-1fc0bf0 e-flex e-con-boxed e-con e-child\" data-id=\"1fc0bf0\" data-element_type=\"container\" data-e-type=\"container\">\n\t\t\t\t\t<div class=\"e-con-inner\">\n\t\t\t\t<div class=\"elementor-element elementor-element-b72f5b6 elementor-widget elementor-widget-heading\" data-id=\"b72f5b6\" data-element_type=\"widget\" data-e-type=\"widget\" data-widget_type=\"heading.default\">\n\t\t\t\t<div class=\"elementor-widget-container\">\n\t\t\t\t\t<h3 class=\"elementor-heading-title elementor-size-default\">Dr. Javier Brahm<\/h3>\t\t\t\t<\/div>\n\t\t\t\t<\/div>\n\t\t\t\t<div class=\"elementor-element elementor-element-fa38daa elementor-widget elementor-widget-heading\" data-id=\"fa38daa\" data-element_type=\"widget\" data-e-type=\"widget\" data-widget_type=\"heading.default\">\n\t\t\t\t<div class=\"elementor-widget-container\">\n\t\t\t\t\t<div class=\"elementor-heading-title elementor-size-default\">Tesoureiro<\/div>\t\t\t\t<\/div>\n\t\t\t\t<\/div>\n\t\t\t\t<div class=\"elementor-element elementor-element-0c738c8 elementor-widget-divider--view-line elementor-widget elementor-widget-divider\" data-id=\"0c738c8\" data-element_type=\"widget\" data-e-type=\"widget\" data-widget_type=\"divider.default\">\n\t\t\t\t<div class=\"elementor-widget-container\">\n\t\t\t\t\t\t\t<div class=\"elementor-divider\">\n\t\t\t<span class=\"elementor-divider-separator\">\n\t\t\t\t\t\t<\/span>\n\t\t<\/div>\n\t\t\t\t\t\t<\/div>\n\t\t\t\t<\/div>\n\t\t\t\t<div class=\"elementor-element elementor-element-34ef9d8 elementor-widget elementor-widget-text-editor\" data-id=\"34ef9d8\" data-element_type=\"widget\" data-e-type=\"widget\" data-widget_type=\"text-editor.default\">\n\t\t\t\t<div class=\"elementor-widget-container\">\n\t\t\t\t\t\t\t\t\t<p class=\" translation-block\">Graduado em Medicina pela <a href=\"https:\/\/uchile.cl\/\" target=\"_blank\">Universidad do Chile<\/a> especializa\u00e7\u00e3o em Medicina Interna pela Universidade do Chile\/Hospital Salvador, especializa\u00e7\u00e3o em Hepatologia na Unidade de Hepatologia do <a href=\"https:\/\/www.kch.nhs.uk\/\" target=\"_self\">King\u2019s College Hospital<\/a> , e Londres, e no <a href=\"https:\/\/www.nih.gov\/\" target=\"_self\">National Institute of Health<\/a>, nos EUA. Acad\u00eamico e Gastroenterologista do<a href=\"https:\/\/www.redclinica.cl\/\" target=\"_self\">HCUCH<\/a>Diretor do Departamento de Gastroenterologia e Professor de Medicina. Ex-presidente da <a href=\"https:\/\/sociedadgastro.cl\/gastroweb\/index.php\/schge\/agrupaciones-y-filiales\/achhep\" target=\"_self\">ACHHEP<\/a>, <a href=\"https:\/\/sociedadgastro.cl\/\" target=\"_self\">SChGE<\/a>, ALEH e da Funda\u00e7\u00e3o ALEH. Autor de mais de 150 publica\u00e7\u00f5es e in\u00fameros cap\u00edtulos de livros sobre Hepatologia. Atualmente, \u00e9 membro do Departamento de Gastroenterologia, Hepatologia e Transplantes da <a href=\"https:\/\/www.clinicalascondes.cl\/\" target=\"_self\">Cl\u00ednica Las Condes<\/a>, em Santiago.<\/p>\t\t\t\t\t\t\t\t<\/div>\n\t\t\t\t<\/div>\n\t\t\t\t\t<\/div>\n\t\t\t\t<\/div>\n\t\t\t\t<\/div>\n\t\t<div class=\"elementor-element elementor-element-6c2334a e-con-full e-flex e-con e-child\" data-id=\"6c2334a\" data-element_type=\"container\" data-e-type=\"container\">\n\t\t\t\t<div class=\"elementor-element elementor-element-21f8fef dce_masking-none elementor-widget elementor-widget-image\" data-id=\"21f8fef\" data-element_type=\"widget\" data-e-type=\"widget\" data-widget_type=\"image.default\">\n\t\t\t\t<div class=\"elementor-widget-container\">\n\t\t\t\t\t\t\t\t\t\t\t\t\t\t\t<img loading=\"lazy\" decoding=\"async\" width=\"800\" height=\"862\" src=\"https:\/\/alehlatam.org\/wp-content\/uploads\/2024\/01\/VERONICA-GARCIA-HUIDOBRO-950x1024.jpg\" class=\"attachment-large size-large wp-image-11712\" alt=\"Ver\u00f3nica Garc\u00eda-Huidobro\" srcset=\"https:\/\/alehlatam.org\/wp-content\/uploads\/2024\/01\/VERONICA-GARCIA-HUIDOBRO-950x1024.jpg 950w, https:\/\/alehlatam.org\/wp-content\/uploads\/2024\/01\/VERONICA-GARCIA-HUIDOBRO-278x300.jpg 278w, https:\/\/alehlatam.org\/wp-content\/uploads\/2024\/01\/VERONICA-GARCIA-HUIDOBRO-768x827.jpg 768w, https:\/\/alehlatam.org\/wp-content\/uploads\/2024\/01\/VERONICA-GARCIA-HUIDOBRO.jpg 1008w\" sizes=\"(max-width: 800px) 100vw, 800px\" \/>\t\t\t\t\t\t\t\t\t\t\t\t\t\t\t<\/div>\n\t\t\t\t<\/div>\n\t\t<div class=\"elementor-element elementor-element-09055e8 e-flex e-con-boxed e-con e-child\" data-id=\"09055e8\" data-element_type=\"container\" data-e-type=\"container\">\n\t\t\t\t\t<div class=\"e-con-inner\">\n\t\t\t\t<div class=\"elementor-element elementor-element-e002d79 elementor-widget elementor-widget-heading\" data-id=\"e002d79\" data-element_type=\"widget\" data-e-type=\"widget\" data-widget_type=\"heading.default\">\n\t\t\t\t<div class=\"elementor-widget-container\">\n\t\t\t\t\t<h3 class=\"elementor-heading-title elementor-size-default\">Ver\u00f3nica Garc\u00eda-Huidobro<\/h3>\t\t\t\t<\/div>\n\t\t\t\t<\/div>\n\t\t\t\t<div class=\"elementor-element elementor-element-e6b7de1 elementor-widget elementor-widget-heading\" data-id=\"e6b7de1\" data-element_type=\"widget\" data-e-type=\"widget\" data-widget_type=\"heading.default\">\n\t\t\t\t<div class=\"elementor-widget-container\">\n\t\t\t\t\t<div class=\"elementor-heading-title elementor-size-default\">Diretora Executiva<\/div>\t\t\t\t<\/div>\n\t\t\t\t<\/div>\n\t\t\t\t<div class=\"elementor-element elementor-element-326eca6 elementor-widget-divider--view-line elementor-widget elementor-widget-divider\" data-id=\"326eca6\" data-element_type=\"widget\" data-e-type=\"widget\" data-widget_type=\"divider.default\">\n\t\t\t\t<div class=\"elementor-widget-container\">\n\t\t\t\t\t\t\t<div class=\"elementor-divider\">\n\t\t\t<span class=\"elementor-divider-separator\">\n\t\t\t\t\t\t<\/span>\n\t\t<\/div>\n\t\t\t\t\t\t<\/div>\n\t\t\t\t<\/div>\n\t\t\t\t\t<\/div>\n\t\t\t\t<\/div>\n\t\t\t\t<\/div>\n\t\t\t\t<\/section>\n\t\t<article class=\"elementor-element elementor-element-d833fb0 e-con-full e-flex e-con e-child\" data-id=\"d833fb0\" data-element_type=\"container\" data-e-type=\"container\">\n\t\t\t\t<div class=\"elementor-element elementor-element-3b3a41d elementor-widget elementor-widget-heading\" data-id=\"3b3a41d\" data-element_type=\"widget\" data-e-type=\"widget\" data-widget_type=\"heading.default\">\n\t\t\t\t<div class=\"elementor-widget-container\">\n\t\t\t\t\t<h2 class=\"elementor-heading-title elementor-size-default\">Pilares<\/h2>\t\t\t\t<\/div>\n\t\t\t\t<\/div>\n\t\t<div class=\"elementor-element elementor-element-64523cd e-grid e-con-full e-con e-child\" data-id=\"64523cd\" data-element_type=\"container\" data-e-type=\"container\">\n\t\t<section class=\"elementor-element elementor-element-d88bf30 e-con-full e-flex e-con e-child\" data-id=\"d88bf30\" data-element_type=\"container\" data-e-type=\"container\">\n\t\t\t\t<div class=\"elementor-element elementor-element-98541e4 elementor-widget elementor-widget-heading\" data-id=\"98541e4\" data-element_type=\"widget\" data-e-type=\"widget\" data-widget_type=\"heading.default\">\n\t\t\t\t<div class=\"elementor-widget-container\">\n\t\t\t\t\t<h3 class=\"elementor-heading-title elementor-size-default\">Pesquisa em Hepatologia<\/h3>\t\t\t\t<\/div>\n\t\t\t\t<\/div>\n\t\t\t\t<div class=\"elementor-element elementor-element-f6a7636 elementor-widget elementor-widget-text-editor\" data-id=\"f6a7636\" data-element_type=\"widget\" data-e-type=\"widget\" data-widget_type=\"text-editor.default\">\n\t\t\t\t<div class=\"elementor-widget-container\">\n\t\t\t\t\t\t\t\t\t<p>Consciente da import\u00e2ncia e do impacto que os novos conhecimentos em hepatologia podem gerar na popula\u00e7\u00e3o da regi\u00e3o latino-americana, a Funda\u00e7\u00e3o ALEH desenvolveu um programa permanente de pesquisa na \u00e1rea de hepatologia, para a preven\u00e7\u00e3o, o diagn\u00f3stico e o tratamento de doen\u00e7as hep\u00e1ticas.<\/p>\n<p>A Funda\u00e7\u00e3o ALEH tem incentivado e convocado seus pesquisadores membros a trabalhar em conjunto com organiza\u00e7\u00f5es cient\u00edficas e acad\u00eamicas e com a ind\u00fastria para avan\u00e7ar no progresso do conhecimento.<\/p>\t\t\t\t\t\t\t\t<\/div>\n\t\t\t\t<\/div>\n\t\t\t\t<\/section>\n\t\t<section class=\"elementor-element elementor-element-86e89fd e-con-full e-flex e-con e-child\" data-id=\"86e89fd\" data-element_type=\"container\" data-e-type=\"container\">\n\t\t\t\t<div class=\"elementor-element elementor-element-6ad5823 elementor-widget elementor-widget-heading\" data-id=\"6ad5823\" data-element_type=\"widget\" data-e-type=\"widget\" data-widget_type=\"heading.default\">\n\t\t\t\t<div class=\"elementor-widget-container\">\n\t\t\t\t\t<h3 class=\"elementor-heading-title elementor-size-default\">Treinamento para m\u00e9dicos e profissionais de sa\u00fade<\/h3>\t\t\t\t<\/div>\n\t\t\t\t<\/div>\n\t\t\t\t<div class=\"elementor-element elementor-element-80a4b0d elementor-widget elementor-widget-text-editor\" data-id=\"80a4b0d\" data-element_type=\"widget\" data-e-type=\"widget\" data-widget_type=\"text-editor.default\">\n\t\t\t\t<div class=\"elementor-widget-container\">\n\t\t\t\t\t\t\t\t\t<p>A Funda\u00e7\u00e3o ALEH est\u00e1 comprometida com a excel\u00eancia no treinamento de m\u00e9dicos e profissionais de sa\u00fade para melhorar a qualidade de vida dos pacientes que sofrem de doen\u00e7as hep\u00e1ticas.<\/p><p>\u00a0<\/p><p>Por meio de v\u00e1rios programas internacionais de bolsas de estudo, ela oferece \u00e0s novas gera\u00e7\u00f5es a oportunidade de aprimorar suas habilidades, interagir com l\u00edderes mundiais em hepatologia e se tornar membros importantes do desenvolvimento da hepatologia em n\u00edvel regional, impactando positivamente seus pa\u00edses membros.<\/p>\t\t\t\t\t\t\t\t<\/div>\n\t\t\t\t<\/div>\n\t\t\t\t<\/section>\n\t\t<section class=\"elementor-element elementor-element-57d4317 e-con-full e-flex e-con e-child\" data-id=\"57d4317\" data-element_type=\"container\" data-e-type=\"container\">\n\t\t\t\t<div class=\"elementor-element elementor-element-e3e9426 elementor-widget elementor-widget-heading\" data-id=\"e3e9426\" data-element_type=\"widget\" data-e-type=\"widget\" data-widget_type=\"heading.default\">\n\t\t\t\t<div class=\"elementor-widget-container\">\n\t\t\t\t\t<h3 class=\"elementor-heading-title elementor-size-default\">Educa\u00e7\u00e3o do paciente sobre a sa\u00fade do f\u00edgado<\/h3>\t\t\t\t<\/div>\n\t\t\t\t<\/div>\n\t\t\t\t<div class=\"elementor-element elementor-element-fecdd29 elementor-widget elementor-widget-text-editor\" data-id=\"fecdd29\" data-element_type=\"widget\" data-e-type=\"widget\" data-widget_type=\"text-editor.default\">\n\t\t\t\t<div class=\"elementor-widget-container\">\n\t\t\t\t\t\t\t\t\t<p>A Funda\u00e7\u00e3o ALEH tem o compromisso de educar os pacientes que sofrem de doen\u00e7a hep\u00e1tica na Am\u00e9rica Latina sobre a import\u00e2ncia da sa\u00fade do f\u00edgado, reconhecendo as doen\u00e7as hep\u00e1ticas mais comuns e, o mais importante, como manter seu f\u00edgado saud\u00e1vel.<\/p><p>\u00a0<\/p><p>Informa\u00e7\u00f5es sobre a sa\u00fade do f\u00edgado podem ser encontradas em algumas das Sociedades Cient\u00edficas de Gastroenterologia e Hepatologia dos pa\u00edses do ALEH.<\/p>\t\t\t\t\t\t\t\t<\/div>\n\t\t\t\t<\/div>\n\t\t\t\t<\/section>\n\t\t\t\t<\/div>\n\t\t\t\t<\/article>\n\t\t<section class=\"elementor-element elementor-element-daace38 e-con-full e-flex e-con e-child\" data-id=\"daace38\" data-element_type=\"container\" data-e-type=\"container\">\n\t\t\t\t<div class=\"elementor-element elementor-element-3466fe2 elementor-widget elementor-widget-heading\" data-id=\"3466fe2\" data-element_type=\"widget\" data-e-type=\"widget\" data-widget_type=\"heading.default\">\n\t\t\t\t<div class=\"elementor-widget-container\">\n\t\t\t\t\t<h2 class=\"elementor-heading-title elementor-size-default\">Por um f\u00edgado saud\u00e1vel na Am\u00e9rica Latina<\/h2>\t\t\t\t<\/div>\n\t\t\t\t<\/div>\n\t\t\t\t<div class=\"elementor-element elementor-element-f85de42 elementor-widget elementor-widget-heading\" data-id=\"f85de42\" data-element_type=\"widget\" data-e-type=\"widget\" data-widget_type=\"heading.default\">\n\t\t\t\t<div class=\"elementor-widget-container\">\n\t\t\t\t\t<p class=\"elementor-heading-title elementor-size-default\">Voc\u00ea tamb\u00e9m pode fazer parte do desenvolvimento cient\u00edfico da hepatologia, apoiando a pesquisa, o treinamento e a forma\u00e7\u00e3o de novas gera\u00e7\u00f5es de especialistas em doen\u00e7as hep\u00e1ticas.<\/p>\t\t\t\t<\/div>\n\t\t\t\t<\/div>\n\t\t\t\t<div class=\"elementor-element elementor-element-2d9ab9c elementor-widget elementor-widget-html\" data-id=\"2d9ab9c\" data-element_type=\"widget\" data-e-type=\"widget\" data-widget_type=\"html.default\">\n\t\t\t\t<div class=\"elementor-widget-container\">\n\t\t\t\t\t<form action=\"https:\/\/www.paypal.com\/donate\" method=\"post\" target=\"_blank\" rel=\"nofollow\" data-trp-original-action=\"https:\/\/www.paypal.com\/donate\">\n<input type=\"hidden\" name=\"hosted_button_id\" value=\"PDNDJ73LSL2XN\" \/>\n<input class=\"btn-donate\" value=\"Fa\u00e7a sua doa\u00e7\u00e3o\" type=\"submit\" name=\"submit\" title=\"PayPal - The safer, easier way to pay online!\" alt=\"Donate with PayPal button\" \/>\n<img loading=\"lazy\" decoding=\"async\" alt=\"\" border=\"0\" src=\"https:\/\/www.paypal.com\/en_CL\/i\/scr\/pixel.gif\" width=\"1\" height=\"1\" \/>\n<input type=\"hidden\" name=\"trp-form-language\" value=\"pt\"\/><\/form>\t\t\t\t<\/div>\n\t\t\t\t<\/div>\n\t\t\t\t<\/section>\n\t\t\t\t<\/article>\n\t\t\t\t<\/div>","protected":false},"excerpt":{"rendered":"<p>La Fundaci\u00f3n Latinoamericana para el Estudio del H\u00edgado es la fundaci\u00f3n oficial de la Asociaci\u00f3n Latinoamericana para el Estudio del H\u00edgado (ALEH). Es una organizaci\u00f3n sin \u00e1nimo de lucro creada en julio de 2015 para promover y difundir la hepatolog\u00eda en Latinoam\u00e9rica y en el mundo para mejorar la calidad de vida y la salud [&hellip;]<\/p>","protected":false},"author":1,"featured_media":0,"parent":15151,"menu_order":6,"comment_status":"closed","ping_status":"closed","template":"","meta":{"footnotes":""},"class_list":["post-11951","page","type-page","status-publish","hentry"],"acf":[],"yoast_head":"<!-- This site is optimized with the Yoast SEO plugin v27.4 - https:\/\/yoast.com\/product\/yoast-seo-wordpress\/ -->\n<title>Fundaci\u00f3n ALEH - ALEH - Asociaci\u00f3n Latinoamericana para el Estudio del H\u00edgado<\/title>\n<meta name=\"robots\" content=\"index, follow, max-snippet:-1, max-image-preview:large, max-video-preview:-1\" \/>\n<link rel=\"canonical\" href=\"https:\/\/alehlatam.org\/pt\/nosotros\/fundacion-aleh\/\" \/>\n<meta property=\"og:locale\" content=\"pt_BR\" \/>\n<meta property=\"og:type\" content=\"article\" \/>\n<meta property=\"og:title\" content=\"Fundaci\u00f3n ALEH - ALEH - Asociaci\u00f3n Latinoamericana para el Estudio del H\u00edgado\" \/>\n<meta property=\"og:description\" content=\"La Fundaci\u00f3n Latinoamericana para el Estudio del H\u00edgado es la fundaci\u00f3n oficial de la Asociaci\u00f3n Latinoamericana para el Estudio del H\u00edgado (ALEH). Es una organizaci\u00f3n sin \u00e1nimo de lucro creada en julio de 2015 para promover y difundir la hepatolog\u00eda en Latinoam\u00e9rica y en el mundo para mejorar la calidad de vida y la salud [&hellip;]\" \/>\n<meta property=\"og:url\" content=\"https:\/\/alehlatam.org\/pt\/nosotros\/fundacion-aleh\/\" \/>\n<meta property=\"og:site_name\" content=\"ALEH - Asociaci\u00f3n Latinoamericana para el Estudio del H\u00edgado\" \/>\n<meta property=\"article:modified_time\" content=\"2024-12-06T15:06:31+00:00\" \/>\n<meta property=\"og:image\" content=\"https:\/\/alehlatam.org\/wp-content\/uploads\/2024\/02\/Logo-fundacion-ALEH.png\" \/>\n\t<meta property=\"og:image:width\" content=\"2098\" \/>\n\t<meta property=\"og:image:height\" content=\"790\" \/>\n\t<meta property=\"og:image:type\" content=\"image\/png\" \/>\n<meta name=\"twitter:card\" content=\"summary_large_image\" \/>\n<script type=\"application\/ld+json\" class=\"yoast-schema-graph\">{\"@context\":\"https:\\\/\\\/schema.org\",\"@graph\":[{\"@type\":\"WebPage\",\"@id\":\"https:\\\/\\\/alehlatam.org\\\/nosotros\\\/fundacion-aleh\\\/\",\"url\":\"https:\\\/\\\/alehlatam.org\\\/nosotros\\\/fundacion-aleh\\\/\",\"name\":\"Fundaci\u00f3n ALEH - ALEH - Asociaci\u00f3n Latinoamericana para el Estudio del H\u00edgado\",\"isPartOf\":{\"@id\":\"https:\\\/\\\/alehlatam.org\\\/#website\"},\"primaryImageOfPage\":{\"@id\":\"https:\\\/\\\/alehlatam.org\\\/nosotros\\\/fundacion-aleh\\\/#primaryimage\"},\"image\":{\"@id\":\"https:\\\/\\\/alehlatam.org\\\/nosotros\\\/fundacion-aleh\\\/#primaryimage\"},\"thumbnailUrl\":\"https:\\\/\\\/alehlatam.org\\\/wp-content\\\/uploads\\\/2024\\\/02\\\/Logo-fundacion-ALEH-1024x386.png\",\"datePublished\":\"2024-02-06T15:53:04+00:00\",\"dateModified\":\"2024-12-06T15:06:31+00:00\",\"breadcrumb\":{\"@id\":\"https:\\\/\\\/alehlatam.org\\\/nosotros\\\/fundacion-aleh\\\/#breadcrumb\"},\"inLanguage\":\"pt-BR\",\"potentialAction\":[{\"@type\":\"ReadAction\",\"target\":[\"https:\\\/\\\/alehlatam.org\\\/nosotros\\\/fundacion-aleh\\\/\"]}]},{\"@type\":\"ImageObject\",\"inLanguage\":\"pt-BR\",\"@id\":\"https:\\\/\\\/alehlatam.org\\\/nosotros\\\/fundacion-aleh\\\/#primaryimage\",\"url\":\"https:\\\/\\\/alehlatam.org\\\/wp-content\\\/uploads\\\/2024\\\/02\\\/Logo-fundacion-ALEH-1024x386.png\",\"contentUrl\":\"https:\\\/\\\/alehlatam.org\\\/wp-content\\\/uploads\\\/2024\\\/02\\\/Logo-fundacion-ALEH-1024x386.png\"},{\"@type\":\"BreadcrumbList\",\"@id\":\"https:\\\/\\\/alehlatam.org\\\/nosotros\\\/fundacion-aleh\\\/#breadcrumb\",\"itemListElement\":[{\"@type\":\"ListItem\",\"position\":1,\"name\":\"Inicio\",\"item\":\"https:\\\/\\\/alehlatam.org\\\/\"},{\"@type\":\"ListItem\",\"position\":2,\"name\":\"Nosotros\",\"item\":\"https:\\\/\\\/alehlatam.org\\\/nosotros\\\/\"},{\"@type\":\"ListItem\",\"position\":3,\"name\":\"Fundaci\u00f3n ALEH\"}]},{\"@type\":\"WebSite\",\"@id\":\"https:\\\/\\\/alehlatam.org\\\/#website\",\"url\":\"https:\\\/\\\/alehlatam.org\\\/\",\"name\":\"ALEH - Asociaci\u00f3n Latinoamericana para el Estudio del H\u00edgado\",\"description\":\"Conectamos a la comunidad de hepatolog\u00eda en Latinoam\u00e9rica. ALEH impulsa la investigaci\u00f3n y el intercambio cient\u00edfico para mejorar la salud hep\u00e1tica regional.\",\"publisher\":{\"@id\":\"https:\\\/\\\/alehlatam.org\\\/#organization\"},\"alternateName\":\"ALEH\",\"potentialAction\":[{\"@type\":\"SearchAction\",\"target\":{\"@type\":\"EntryPoint\",\"urlTemplate\":\"https:\\\/\\\/alehlatam.org\\\/?s={search_term_string}\"},\"query-input\":{\"@type\":\"PropertyValueSpecification\",\"valueRequired\":true,\"valueName\":\"search_term_string\"}}],\"inLanguage\":\"pt-BR\"},{\"@type\":\"Organization\",\"@id\":\"https:\\\/\\\/alehlatam.org\\\/#organization\",\"name\":\"Asociaci\u00f3n Latinoamericana para el Estudio del H\u00edgado\",\"alternateName\":\"ALEH\",\"url\":\"https:\\\/\\\/alehlatam.org\\\/\",\"logo\":{\"@type\":\"ImageObject\",\"inLanguage\":\"pt-BR\",\"@id\":\"https:\\\/\\\/alehlatam.org\\\/#\\\/schema\\\/logo\\\/image\\\/\",\"url\":\"https:\\\/\\\/alehlatam.org\\\/wp-content\\\/uploads\\\/2024\\\/01\\\/Logo-ALEH-Transparente.png\",\"contentUrl\":\"https:\\\/\\\/alehlatam.org\\\/wp-content\\\/uploads\\\/2024\\\/01\\\/Logo-ALEH-Transparente.png\",\"width\":2000,\"height\":1493,\"caption\":\"Asociaci\u00f3n Latinoamericana para el Estudio del H\u00edgado\"},\"image\":{\"@id\":\"https:\\\/\\\/alehlatam.org\\\/#\\\/schema\\\/logo\\\/image\\\/\"}}]}<\/script>\n<!-- \/ Yoast SEO plugin. -->","yoast_head_json":{"title":"Fundaci\u00f3n ALEH - ALEH - Asociaci\u00f3n Latinoamericana para el Estudio del H\u00edgado","robots":{"index":"index","follow":"follow","max-snippet":"max-snippet:-1","max-image-preview":"max-image-preview:large","max-video-preview":"max-video-preview:-1"},"canonical":"https:\/\/alehlatam.org\/pt\/nosotros\/fundacion-aleh\/","og_locale":"pt_BR","og_type":"article","og_title":"Fundaci\u00f3n ALEH - ALEH - Asociaci\u00f3n Latinoamericana para el Estudio del H\u00edgado","og_description":"La Fundaci\u00f3n Latinoamericana para el Estudio del H\u00edgado es la fundaci\u00f3n oficial de la Asociaci\u00f3n Latinoamericana para el Estudio del H\u00edgado (ALEH). Es una organizaci\u00f3n sin \u00e1nimo de lucro creada en julio de 2015 para promover y difundir la hepatolog\u00eda en Latinoam\u00e9rica y en el mundo para mejorar la calidad de vida y la salud [&hellip;]","og_url":"https:\/\/alehlatam.org\/pt\/nosotros\/fundacion-aleh\/","og_site_name":"ALEH - Asociaci\u00f3n Latinoamericana para el Estudio del H\u00edgado","article_modified_time":"2024-12-06T15:06:31+00:00","og_image":[{"width":2098,"height":790,"url":"https:\/\/alehlatam.org\/wp-content\/uploads\/2024\/02\/Logo-fundacion-ALEH.png","type":"image\/png"}],"twitter_card":"summary_large_image","schema":{"@context":"https:\/\/schema.org","@graph":[{"@type":"WebPage","@id":"https:\/\/alehlatam.org\/nosotros\/fundacion-aleh\/","url":"https:\/\/alehlatam.org\/nosotros\/fundacion-aleh\/","name":"Fundaci\u00f3n ALEH - ALEH - Asociaci\u00f3n Latinoamericana para el Estudio del H\u00edgado","isPartOf":{"@id":"https:\/\/alehlatam.org\/#website"},"primaryImageOfPage":{"@id":"https:\/\/alehlatam.org\/nosotros\/fundacion-aleh\/#primaryimage"},"image":{"@id":"https:\/\/alehlatam.org\/nosotros\/fundacion-aleh\/#primaryimage"},"thumbnailUrl":"https:\/\/alehlatam.org\/wp-content\/uploads\/2024\/02\/Logo-fundacion-ALEH-1024x386.png","datePublished":"2024-02-06T15:53:04+00:00","dateModified":"2024-12-06T15:06:31+00:00","breadcrumb":{"@id":"https:\/\/alehlatam.org\/nosotros\/fundacion-aleh\/#breadcrumb"},"inLanguage":"pt-BR","potentialAction":[{"@type":"ReadAction","target":["https:\/\/alehlatam.org\/nosotros\/fundacion-aleh\/"]}]},{"@type":"ImageObject","inLanguage":"pt-BR","@id":"https:\/\/alehlatam.org\/nosotros\/fundacion-aleh\/#primaryimage","url":"https:\/\/alehlatam.org\/wp-content\/uploads\/2024\/02\/Logo-fundacion-ALEH-1024x386.png","contentUrl":"https:\/\/alehlatam.org\/wp-content\/uploads\/2024\/02\/Logo-fundacion-ALEH-1024x386.png"},{"@type":"BreadcrumbList","@id":"https:\/\/alehlatam.org\/nosotros\/fundacion-aleh\/#breadcrumb","itemListElement":[{"@type":"ListItem","position":1,"name":"Inicio","item":"https:\/\/alehlatam.org\/"},{"@type":"ListItem","position":2,"name":"Nosotros","item":"https:\/\/alehlatam.org\/nosotros\/"},{"@type":"ListItem","position":3,"name":"Fundaci\u00f3n ALEH"}]},{"@type":"WebSite","@id":"https:\/\/alehlatam.org\/#website","url":"https:\/\/alehlatam.org\/","name":"ALEH - Asociaci\u00f3n Latinoamericana para el Estudio del H\u00edgado","description":"Conectamos a la comunidad de hepatolog\u00eda en Latinoam\u00e9rica. ALEH impulsa la investigaci\u00f3n y el intercambio cient\u00edfico para mejorar la salud hep\u00e1tica regional.","publisher":{"@id":"https:\/\/alehlatam.org\/#organization"},"alternateName":"ALEH","potentialAction":[{"@type":"SearchAction","target":{"@type":"EntryPoint","urlTemplate":"https:\/\/alehlatam.org\/?s={search_term_string}"},"query-input":{"@type":"PropertyValueSpecification","valueRequired":true,"valueName":"search_term_string"}}],"inLanguage":"pt-BR"},{"@type":"Organization","@id":"https:\/\/alehlatam.org\/#organization","name":"Asociaci\u00f3n Latinoamericana para el Estudio del H\u00edgado","alternateName":"ALEH","url":"https:\/\/alehlatam.org\/","logo":{"@type":"ImageObject","inLanguage":"pt-BR","@id":"https:\/\/alehlatam.org\/#\/schema\/logo\/image\/","url":"https:\/\/alehlatam.org\/wp-content\/uploads\/2024\/01\/Logo-ALEH-Transparente.png","contentUrl":"https:\/\/alehlatam.org\/wp-content\/uploads\/2024\/01\/Logo-ALEH-Transparente.png","width":2000,"height":1493,"caption":"Asociaci\u00f3n Latinoamericana para el Estudio del H\u00edgado"},"image":{"@id":"https:\/\/alehlatam.org\/#\/schema\/logo\/image\/"}}]}},"_links":{"self":[{"href":"https:\/\/alehlatam.org\/pt\/wp-json\/wp\/v2\/pages\/11951","targetHints":{"allow":["GET"]}}],"collection":[{"href":"https:\/\/alehlatam.org\/pt\/wp-json\/wp\/v2\/pages"}],"about":[{"href":"https:\/\/alehlatam.org\/pt\/wp-json\/wp\/v2\/types\/page"}],"author":[{"embeddable":true,"href":"https:\/\/alehlatam.org\/pt\/wp-json\/wp\/v2\/users\/1"}],"replies":[{"embeddable":true,"href":"https:\/\/alehlatam.org\/pt\/wp-json\/wp\/v2\/comments?post=11951"}],"version-history":[{"count":0,"href":"https:\/\/alehlatam.org\/pt\/wp-json\/wp\/v2\/pages\/11951\/revisions"}],"up":[{"embeddable":true,"href":"https:\/\/alehlatam.org\/pt\/wp-json\/wp\/v2\/pages\/15151"}],"wp:attachment":[{"href":"https:\/\/alehlatam.org\/pt\/wp-json\/wp\/v2\/media?parent=11951"}],"curies":[{"name":"wp","href":"https:\/\/api.w.org\/{rel}","templated":true}]}}